{"id":1101,"date":"2026-08-18T17:15:00","date_gmt":"2026-08-18T15:15:00","guid":{"rendered":"https:\/\/example.test\/?post_type=bpf_project&#038;p=1101"},"modified":"2026-08-18T17:12:40","modified_gmt":"2026-08-18T15:12:40","slug":"projet-demo-1101","status":"publish","type":"bpf_project","link":"https:\/\/pmpconseils.com\/test04\/projet\/projet-demo-1101\/","title":{"rendered":"Cr\u00e9er un jardin partag\u00e9 interg\u00e9n\u00e9rationnel"},"content":{"rendered":"<p>L\u2019objectif est de cr\u00e9er un jardin partag\u00e9 permettant aux habitants de cultiver ensemble des l\u00e9gumes, des plantes aromatiques et des fleurs.<\/p>\n<p>Le projet comprendrait plusieurs bacs de culture, un point d\u2019eau, une petite zone de compostage et quelques assises. Une partie du jardin pourrait \u00eatre r\u00e9serv\u00e9e \u00e0 des ateliers p\u00e9dagogiques avec les \u00e9coles et les associations locales.<\/p>\n<p>Ce lieu aurait \u00e9galement vocation \u00e0 devenir un espace de rencontre entre g\u00e9n\u00e9rations et \u00e0 favoriser les \u00e9changes entre habitants du quartier.<\/p>\n","protected":false},"excerpt":{"rendered":"<p>Transformer un espace communal en jardin partag\u00e9, accessible aux familles, aux jeunes et aux seniors.<\/p>\n","protected":false},"author":1,"featured_media":1107,"template":"","bpf_project_category":[5],"class_list":["post-1101","bpf_project","type-bpf_project","status-publish","has-post-thumbnail","hentry","bpf_project_category-environnement"],"yoast_head":"<!-- This site is optimized with the Yoast SEO plugin v28.3 - https:\/\/yoast.com\/product\/yoast-seo-wordpress\/ -->\n<title>Cr\u00e9er un jardin partag\u00e9 interg\u00e9n\u00e9rationnel - TEST 04<\/title>\n<meta name=\"robots\" content=\"index, follow, max-snippet:-1, max-image-preview:large, max-video-preview:-1\" \/>\n<link rel=\"canonical\" href=\"https:\/\/pmpconseils.com\/test04\/projet\/projet-demo-1101\/\" \/>\n<meta property=\"og:locale\" content=\"fr_FR\" \/>\n<meta property=\"og:type\" content=\"article\" \/>\n<meta property=\"og:title\" content=\"Cr\u00e9er un jardin partag\u00e9 interg\u00e9n\u00e9rationnel - TEST 04\" \/>\n<meta property=\"og:description\" content=\"Transformer un espace communal en jardin partag\u00e9, accessible aux familles, aux jeunes et aux seniors.\" \/>\n<meta property=\"og:url\" content=\"https:\/\/pmpconseils.com\/test04\/projet\/projet-demo-1101\/\" \/>\n<meta property=\"og:site_name\" content=\"TEST 04\" \/>\n<meta property=\"og:image\" content=\"https:\/\/pmpconseils.com\/test04\/wp-content\/uploads\/2026\/08\/pexels-kampus-production-7658795-833x540-1.jpg\" \/>\n\t<meta property=\"og:image:width\" content=\"833\" \/>\n\t<meta property=\"og:image:height\" content=\"540\" \/>\n\t<meta property=\"og:image:type\" content=\"image\/jpeg\" \/>\n<meta name=\"twitter:card\" content=\"summary_large_image\" \/>\n<meta name=\"twitter:label1\" content=\"Dur\u00e9e de lecture estim\u00e9e\" \/>\n\t<meta name=\"twitter:data1\" content=\"1 minute\" \/>\n<script type=\"application\/ld+json\" class=\"yoast-schema-graph\">{\"@context\":\"https:\\\/\\\/schema.org\",\"@graph\":[{\"@type\":\"WebPage\",\"@id\":\"https:\\\/\\\/pmpconseils.com\\\/test04\\\/projet\\\/projet-demo-1101\\\/\",\"url\":\"https:\\\/\\\/pmpconseils.com\\\/test04\\\/projet\\\/projet-demo-1101\\\/\",\"name\":\"Cr\u00e9er un jardin partag\u00e9 interg\u00e9n\u00e9rationnel - TEST 04\",\"isPartOf\":{\"@id\":\"https:\\\/\\\/pmpconseils.com\\\/test04\\\/#website\"},\"primaryImageOfPage\":{\"@id\":\"https:\\\/\\\/pmpconseils.com\\\/test04\\\/projet\\\/projet-demo-1101\\\/#primaryimage\"},\"image\":{\"@id\":\"https:\\\/\\\/pmpconseils.com\\\/test04\\\/projet\\\/projet-demo-1101\\\/#primaryimage\"},\"thumbnailUrl\":\"https:\\\/\\\/pmpconseils.com\\\/test04\\\/wp-content\\\/uploads\\\/2026\\\/08\\\/pexels-kampus-production-7658795-833x540-1.jpg\",\"datePublished\":\"2026-08-18T15:15:00+00:00\",\"breadcrumb\":{\"@id\":\"https:\\\/\\\/pmpconseils.com\\\/test04\\\/projet\\\/projet-demo-1101\\\/#breadcrumb\"},\"inLanguage\":\"fr-FR\",\"potentialAction\":[{\"@type\":\"ReadAction\",\"target\":[\"https:\\\/\\\/pmpconseils.com\\\/test04\\\/projet\\\/projet-demo-1101\\\/\"]}]},{\"@type\":\"ImageObject\",\"inLanguage\":\"fr-FR\",\"@id\":\"https:\\\/\\\/pmpconseils.com\\\/test04\\\/projet\\\/projet-demo-1101\\\/#primaryimage\",\"url\":\"https:\\\/\\\/pmpconseils.com\\\/test04\\\/wp-content\\\/uploads\\\/2026\\\/08\\\/pexels-kampus-production-7658795-833x540-1.jpg\",\"contentUrl\":\"https:\\\/\\\/pmpconseils.com\\\/test04\\\/wp-content\\\/uploads\\\/2026\\\/08\\\/pexels-kampus-production-7658795-833x540-1.jpg\",\"width\":833,\"height\":540},{\"@type\":\"BreadcrumbList\",\"@id\":\"https:\\\/\\\/pmpconseils.com\\\/test04\\\/projet\\\/projet-demo-1101\\\/#breadcrumb\",\"itemListElement\":[{\"@type\":\"ListItem\",\"position\":1,\"name\":\"Accueil\",\"item\":\"https:\\\/\\\/pmpconseils.com\\\/test04\\\/\"},{\"@type\":\"ListItem\",\"position\":2,\"name\":\"Projets\",\"item\":\"https:\\\/\\\/pmpconseils.com\\\/test04\\\/projets\\\/\"},{\"@type\":\"ListItem\",\"position\":3,\"name\":\"Cr\u00e9er un jardin partag\u00e9 interg\u00e9n\u00e9rationnel\"}]},{\"@type\":\"WebSite\",\"@id\":\"https:\\\/\\\/pmpconseils.com\\\/test04\\\/#website\",\"url\":\"https:\\\/\\\/pmpconseils.com\\\/test04\\\/\",\"name\":\"TEST 04\",\"description\":\"\",\"potentialAction\":[{\"@type\":\"SearchAction\",\"target\":{\"@type\":\"EntryPoint\",\"urlTemplate\":\"https:\\\/\\\/pmpconseils.com\\\/test04\\\/?s={search_term_string}\"},\"query-input\":{\"@type\":\"PropertyValueSpecification\",\"valueRequired\":true,\"valueName\":\"search_term_string\"}}],\"inLanguage\":\"fr-FR\"}]}<\/script>\n<!-- \/ Yoast SEO plugin. -->","yoast_head_json":{"title":"Cr\u00e9er un jardin partag\u00e9 interg\u00e9n\u00e9rationnel - TEST 04","robots":{"index":"index","follow":"follow","max-snippet":"max-snippet:-1","max-image-preview":"max-image-preview:large","max-video-preview":"max-video-preview:-1"},"canonical":"https:\/\/pmpconseils.com\/test04\/projet\/projet-demo-1101\/","og_locale":"fr_FR","og_type":"article","og_title":"Cr\u00e9er un jardin partag\u00e9 interg\u00e9n\u00e9rationnel - TEST 04","og_description":"Transformer un espace communal en jardin partag\u00e9, accessible aux familles, aux jeunes et aux seniors.","og_url":"https:\/\/pmpconseils.com\/test04\/projet\/projet-demo-1101\/","og_site_name":"TEST 04","og_image":[{"width":833,"height":540,"url":"https:\/\/pmpconseils.com\/test04\/wp-content\/uploads\/2026\/08\/pexels-kampus-production-7658795-833x540-1.jpg","type":"image\/jpeg"}],"twitter_card":"summary_large_image","twitter_misc":{"Dur\u00e9e de lecture estim\u00e9e":"1 minute"},"schema":{"@context":"https:\/\/schema.org","@graph":[{"@type":"WebPage","@id":"https:\/\/pmpconseils.com\/test04\/projet\/projet-demo-1101\/","url":"https:\/\/pmpconseils.com\/test04\/projet\/projet-demo-1101\/","name":"Cr\u00e9er un jardin partag\u00e9 interg\u00e9n\u00e9rationnel - TEST 04","isPartOf":{"@id":"https:\/\/pmpconseils.com\/test04\/#website"},"primaryImageOfPage":{"@id":"https:\/\/pmpconseils.com\/test04\/projet\/projet-demo-1101\/#primaryimage"},"image":{"@id":"https:\/\/pmpconseils.com\/test04\/projet\/projet-demo-1101\/#primaryimage"},"thumbnailUrl":"https:\/\/pmpconseils.com\/test04\/wp-content\/uploads\/2026\/08\/pexels-kampus-production-7658795-833x540-1.jpg","datePublished":"2026-08-18T15:15:00+00:00","breadcrumb":{"@id":"https:\/\/pmpconseils.com\/test04\/projet\/projet-demo-1101\/#breadcrumb"},"inLanguage":"fr-FR","potentialAction":[{"@type":"ReadAction","target":["https:\/\/pmpconseils.com\/test04\/projet\/projet-demo-1101\/"]}]},{"@type":"ImageObject","inLanguage":"fr-FR","@id":"https:\/\/pmpconseils.com\/test04\/projet\/projet-demo-1101\/#primaryimage","url":"https:\/\/pmpconseils.com\/test04\/wp-content\/uploads\/2026\/08\/pexels-kampus-production-7658795-833x540-1.jpg","contentUrl":"https:\/\/pmpconseils.com\/test04\/wp-content\/uploads\/2026\/08\/pexels-kampus-production-7658795-833x540-1.jpg","width":833,"height":540},{"@type":"BreadcrumbList","@id":"https:\/\/pmpconseils.com\/test04\/projet\/projet-demo-1101\/#breadcrumb","itemListElement":[{"@type":"ListItem","position":1,"name":"Accueil","item":"https:\/\/pmpconseils.com\/test04\/"},{"@type":"ListItem","position":2,"name":"Projets","item":"https:\/\/pmpconseils.com\/test04\/projets\/"},{"@type":"ListItem","position":3,"name":"Cr\u00e9er un jardin partag\u00e9 interg\u00e9n\u00e9rationnel"}]},{"@type":"WebSite","@id":"https:\/\/pmpconseils.com\/test04\/#website","url":"https:\/\/pmpconseils.com\/test04\/","name":"TEST 04","description":"","potentialAction":[{"@type":"SearchAction","target":{"@type":"EntryPoint","urlTemplate":"https:\/\/pmpconseils.com\/test04\/?s={search_term_string}"},"query-input":{"@type":"PropertyValueSpecification","valueRequired":true,"valueName":"search_term_string"}}],"inLanguage":"fr-FR"}]}},"_links":{"self":[{"href":"https:\/\/pmpconseils.com\/test04\/wp-json\/wp\/v2\/bpf_project\/1101","targetHints":{"allow":["GET"]}}],"collection":[{"href":"https:\/\/pmpconseils.com\/test04\/wp-json\/wp\/v2\/bpf_project"}],"about":[{"href":"https:\/\/pmpconseils.com\/test04\/wp-json\/wp\/v2\/types\/bpf_project"}],"author":[{"embeddable":true,"href":"https:\/\/pmpconseils.com\/test04\/wp-json\/wp\/v2\/users\/1"}],"version-history":[{"count":1,"href":"https:\/\/pmpconseils.com\/test04\/wp-json\/wp\/v2\/bpf_project\/1101\/revisions"}],"predecessor-version":[{"id":1106,"href":"https:\/\/pmpconseils.com\/test04\/wp-json\/wp\/v2\/bpf_project\/1101\/revisions\/1106"}],"wp:featuredmedia":[{"embeddable":true,"href":"https:\/\/pmpconseils.com\/test04\/wp-json\/wp\/v2\/media\/1107"}],"wp:attachment":[{"href":"https:\/\/pmpconseils.com\/test04\/wp-json\/wp\/v2\/media?parent=1101"}],"wp:term":[{"taxonomy":"bpf_project_category","embeddable":true,"href":"https:\/\/pmpconseils.com\/test04\/wp-json\/wp\/v2\/bpf_project_category?post=1101"}],"curies":[{"name":"wp","href":"https:\/\/api.w.org\/{rel}","templated":true}]}}